{"id":2236,"date":"2022-07-05T15:40:13","date_gmt":"2022-07-05T18:40:13","guid":{"rendered":"http:\/\/www.locacaodemaquinas.com.br\/site\/?post_type=product&#038;p=2236"},"modified":"2022-07-05T16:56:40","modified_gmt":"2022-07-05T19:56:40","slug":"gerador-de-energia-a-diesel-gbw-65c-trifasico-pramac","status":"publish","type":"product","link":"http:\/\/www.locacaodemaquinas.com.br\/site\/loja\/locacao\/gerador-energia\/gerador-energia-cabinados\/gerador-de-energia-a-diesel-gbw-65c-trifasico-pramac\/","title":{"rendered":"Gerador de Energia \u00e0 Diesel GBW 65C Trif\u00e1sico &#8211; Pramac"},"content":{"rendered":"<ul>\n<li>Diesel;<\/li>\n<li>Trif\u00e1sico;<\/li>\n<li>Reconect\u00e1vel em 220, 380 e 440V;<\/li>\n<li>Baixo consumo de combust\u00edvel;<\/li>\n<li>Baixo n\u00edvel de ru\u00eddo;<\/li>\n<li>Excelente custo-benef\u00edcio.<\/li>\n<\/ul>\n","protected":false},"excerpt":{"rendered":"<p>Os grupos Geradores de Energia El\u00e9trica Silenciados PRAMAC oferecem \u00f3tima performance, f\u00e1cil instala\u00e7\u00e3o, econ\u00f4micos com excelente autonomia, profissionais, equipamentos com pain\u00e9is anal\u00f3gico ou digital, regulador de tens\u00e3o AVR, modelos com governador eletr\u00f4nico, todos produzidos com a mais alta tecnologia do mercado.<\/p>\n<p>Os geradres PRAMAC s\u00e3o compactos e indicados ao mercado industrial, hospitalar, constru\u00e7\u00e3o, residencial, telecomunica\u00e7\u00f5es e em quaisquer situa\u00e7\u00f5es que exijam a necessidade do fornecimento de energia el\u00e9trica.<\/p>\n","protected":false},"featured_media":2234,"comment_status":"open","ping_status":"closed","template":"","meta":[],"product_cat":[44,191,193],"product_tag":[611,609,610,612],"acf":[],"_links":{"self":[{"href":"http:\/\/www.locacaodemaquinas.com.br\/site\/wp-json\/wp\/v2\/product\/2236"}],"collection":[{"href":"http:\/\/www.locacaodemaquinas.com.br\/site\/wp-json\/wp\/v2\/product"}],"about":[{"href":"http:\/\/www.locacaodemaquinas.com.br\/site\/wp-json\/wp\/v2\/types\/product"}],"replies":[{"embeddable":true,"href":"http:\/\/www.locacaodemaquinas.com.br\/site\/wp-json\/wp\/v2\/comments?post=2236"}],"wp:featuredmedia":[{"embeddable":true,"href":"http:\/\/www.locacaodemaquinas.com.br\/site\/wp-json\/wp\/v2\/media\/2234"}],"wp:attachment":[{"href":"http:\/\/www.locacaodemaquinas.com.br\/site\/wp-json\/wp\/v2\/media?parent=2236"}],"wp:term":[{"taxonomy":"product_cat","embeddable":true,"href":"http:\/\/www.locacaodemaquinas.com.br\/site\/wp-json\/wp\/v2\/product_cat?post=2236"},{"taxonomy":"product_tag","embeddable":true,"href":"http:\/\/www.locacaodemaquinas.com.br\/site\/wp-json\/wp\/v2\/product_tag?post=2236"}],"curies":[{"name":"wp","href":"https:\/\/api.w.org\/{rel}","templated":true}]}}