{"id":4360,"date":"2025-09-19T17:25:56","date_gmt":"2025-09-19T20:25:56","guid":{"rendered":"http:\/\/www.locacaodemaquinas.com.br\/site\/?post_type=product&#038;p=4360"},"modified":"2025-09-19T17:46:16","modified_gmt":"2025-09-19T20:46:16","slug":"gerador-de-energia-a-gasolina-gr-80-stihl","status":"publish","type":"product","link":"http:\/\/www.locacaodemaquinas.com.br\/site\/loja\/venda\/maquinas-e-equipamentos\/gerador-de-energia-a-gasolina-gr-80-stihl\/","title":{"rendered":"Gerador de Energia \u00e0 Gasolina GR 80 &#8211; STIHL"},"content":{"rendered":"<p>O\u00a0<strong>gerador a gasolina STIHL GR 80<\/strong>, compacto e seguro, est\u00e1 equipado com um\u00a0<strong>motor de arranque el\u00e9trico<\/strong>\u00a0com\u00a0<strong>chave de igni\u00e7\u00e3o<\/strong>. Em alternativa, tamb\u00e9m pode ser ligado com um cabo de tra\u00e7\u00e3o.<\/p>\n<p>Tem<strong>\u00a0tr\u00eas tomadas monof\u00e1sicas<\/strong>\u00a0e\u00a0<strong>uma tomada trif\u00e1sica<\/strong>\u00a0para ligar aparelhos el\u00e9tricos e fornece uma pot\u00eancia el\u00e9trica permanente de\u00a0<strong>7,3 kW<\/strong>. A escolha entre uma tomada monof\u00e1sica ou trif\u00e1sica \u00e9 feita atrav\u00e9s de um<strong>\u00a0interruptor separado<\/strong>.<\/p>\n<p>Al\u00e9m disso, a regula\u00e7\u00e3o autom\u00e1tica da tens\u00e3o<strong>\u00a0(AVR)<\/strong>\u00a0garante que a tens\u00e3o se mant\u00e9m constante, independentemente do consumo de energia dos aparelhos ligados.<\/p>\n<p>Com um baixo consumo de combust\u00edvel e um volume de\u00a0<strong>dep\u00f3sito de 25 litros<\/strong>, o\u00a0<strong>STIHL GR 80<\/strong>\u00a0oferece a m\u00e1xima capacidade de produ\u00e7\u00e3o de eletricidade sem interrup\u00e7\u00f5es. Gra\u00e7as ao<strong>\u00a0indicador de n\u00edvel de combust\u00edvel<\/strong>, \u00e9 sempre poss\u00edvel controlar o n\u00edvel de enchimento.<\/p>\n<p>A opera\u00e7\u00e3o do gerador a gasolina \u00e9 simples e \u00e9 feita atrav\u00e9s do\u00a0<strong>painel de controle moderno<\/strong>\u00a0e claramente organizado com\u00a0<strong>visor digital<\/strong>, no qual o tempo de opera\u00e7\u00e3o atual e o total de horas de opera\u00e7\u00e3o s\u00e3o exibidos, al\u00e9m da frequ\u00eancia e da tens\u00e3o. O\u00a0<strong>STIHL GR 80<\/strong>\u00a0disp\u00f5e ainda de um\u00a0<strong>sensor de prote\u00e7\u00e3o contra a falta de \u00f3leo<\/strong>, que assegura que o motor seja automaticamente desligado se n\u00e3o houver \u00f3leo suficiente no motor.<\/p>\n<p>O consumo m\u00e1ximo combinado dos aparelhos el\u00e9tricos ligados n\u00e3o pode exceder\u00a0<strong>7,3 kW<\/strong>. Caso contr\u00e1rio, a prote\u00e7\u00e3o contra sobrecarga desliga automaticamente o gerador.<\/p>\n","protected":false},"excerpt":{"rendered":"<p>O\u00a0<strong>gerador a gasolina STIHL GR 80<\/strong>\u00a0\u00e9 potente e duradouro para a produ\u00e7\u00e3o de energia em aplica\u00e7\u00f5es profissionais. \u00c9 ideal, por exemplo, como fonte de energia de reserva em caso de falha de energia ou para gerar energia em locais com pouca ou nenhuma alimenta\u00e7\u00e3o el\u00e9trica. O\u00a0<strong>STIHL GR 80<\/strong>\u00a0est\u00e1 montado em uma\u00a0<strong>estrutura tubular de a\u00e7o robusta<\/strong>\u00a0e pode ser<strong>\u00a0facilmente transportado<\/strong>\u00a0gra\u00e7as ao chassi robusto com\u00a0<strong>rodas de transporte<\/strong>\u00a0grandes e \u00e0 pega de transporte dobr\u00e1vel.<\/p>\n","protected":false},"featured_media":4361,"comment_status":"open","ping_status":"closed","template":"","meta":[],"product_cat":[522],"product_tag":[266,610],"acf":[],"_links":{"self":[{"href":"http:\/\/www.locacaodemaquinas.com.br\/site\/wp-json\/wp\/v2\/product\/4360"}],"collection":[{"href":"http:\/\/www.locacaodemaquinas.com.br\/site\/wp-json\/wp\/v2\/product"}],"about":[{"href":"http:\/\/www.locacaodemaquinas.com.br\/site\/wp-json\/wp\/v2\/types\/product"}],"replies":[{"embeddable":true,"href":"http:\/\/www.locacaodemaquinas.com.br\/site\/wp-json\/wp\/v2\/comments?post=4360"}],"wp:featuredmedia":[{"embeddable":true,"href":"http:\/\/www.locacaodemaquinas.com.br\/site\/wp-json\/wp\/v2\/media\/4361"}],"wp:attachment":[{"href":"http:\/\/www.locacaodemaquinas.com.br\/site\/wp-json\/wp\/v2\/media?parent=4360"}],"wp:term":[{"taxonomy":"product_cat","embeddable":true,"href":"http:\/\/www.locacaodemaquinas.com.br\/site\/wp-json\/wp\/v2\/product_cat?post=4360"},{"taxonomy":"product_tag","embeddable":true,"href":"http:\/\/www.locacaodemaquinas.com.br\/site\/wp-json\/wp\/v2\/product_tag?post=4360"}],"curies":[{"name":"wp","href":"https:\/\/api.w.org\/{rel}","templated":true}]}}